{"id":33190,"date":"2021-06-24T18:47:42","date_gmt":"2021-06-24T16:47:42","guid":{"rendered":"https:\/\/www.comau.com\/?page_id=33190"},"modified":"2021-07-26T10:04:11","modified_gmt":"2021-07-26T08:04:11","slug":"press-release","status":"publish","type":"page","link":"https:\/\/www.comau.com\/fr\/newsroom\/press-release\/","title":{"rendered":"Communiqu\u00e9s de presse"},"content":{"rendered":"<form class=\"posts-items-filterform mb-5\" type=\"get\" action=\"https:\/\/www.comau.com\/fr\/2018\/06\/20\/comau-renforce-son-positionnement-dans-le-domaine-de-le-mobilite-grace-a-un-project-innovant-avec-leclanche\/\"><div class=\"row g-3\"><div class=\"col-md\"><label for=\"filterFormSearch\" class=\"visually-hidden\">Keywords<\/label><input name=\"comau_s\" type=\"text\" class=\"form-control form-control-lg\" placeholder=\"Keywords\" value=\"\" id=\"filterFormSearch\"><\/div><div class=\"col-md-4\"><label for=\"filterFormYear\" class=\"visually-hidden\">Select Year<\/label><select name=\"comau_year\" class=\"form-select form-select-lg\" id=\"filterFormYear\"><option value=\"\">Select Year<\/option><option value=\"2026\">2026<\/option><option value=\"2025\">2025<\/option><option value=\"2024\">2024<\/option><option value=\"2023\">2023<\/option><option value=\"2022\">2022<\/option><option value=\"2021\">2021<\/option><option value=\"2020\">2020<\/option><option value=\"2019\">2019<\/option><option value=\"2018\">2018<\/option><\/select><\/div><div class=\"d-grid col-md-auto\"><button type=\"submit\" class=\"btn btn-lg btn-primary\">Chercher<\/button><\/div><\/div><\/form><div class=\"posts-items\"><div class=\"posts-items-list\"><article class=\"post-index-item\" id=\"post-83935\">\n    <div class=\"post-item-inner\">\n        \r\n\t\t\t<a class=\"post-thumbnail\" href=\"https:\/\/www.comau.com\/fr\/2026\/04\/13\/automha-et-comau-presentent-des-solutions-integrees-dautomatisation-logistique-a-modex-2026\/\" aria-hidden=\"true\" tabindex=\"-1\">\r\n\t\t\t\t<img decoding=\"async\" width=\"1450\" height=\"450\" src=\"https:\/\/www.comau.com\/wp-content\/uploads\/2026\/04\/HEADER-PR-MODEX.png\" class=\"attachment-post-thumbnail size-post-thumbnail wp-post-image\" alt=\"Automha et Comau pr\u00e9sentent des solutions int\u00e9gr\u00e9es d\u2019automatisation logistique \u00e0 Modex 2026\" srcset=\"https:\/\/www.comau.com\/wp-content\/uploads\/2026\/04\/HEADER-PR-MODEX.png 1450w, https:\/\/www.comau.com\/wp-content\/uploads\/2026\/04\/HEADER-PR-MODEX-300x93.png 300w, https:\/\/www.comau.com\/wp-content\/uploads\/2026\/04\/HEADER-PR-MODEX-1024x318.png 1024w, https:\/\/www.comau.com\/wp-content\/uploads\/2026\/04\/HEADER-PR-MODEX-768x238.png 768w\" sizes=\"(max-width: 1450px) 100vw, 1450px\" \/>\t\t\t<\/a>\r\n\r\n\t\t\t        <div class=\"entry-header\">\n            <h2 class=\"entry-title\">Automha et Comau pr\u00e9sentent des solutions int\u00e9gr\u00e9es d\u2019automatisation logistique \u00e0 Modex 2026<\/h2>\n            <p class=\"readmore\"><a href=\"https:\/\/www.comau.com\/fr\/2026\/04\/13\/automha-et-comau-presentent-des-solutions-integrees-dautomatisation-logistique-a-modex-2026\/\" class=\"stretched-link\">Lire<\/a><\/p>\n        <\/div>\n    <\/div>\n<\/article>\n<article class=\"post-index-item\" id=\"post-85045\">\n    <div class=\"post-item-inner\">\n        \r\n\t\t\t<a class=\"post-thumbnail\" href=\"https:\/\/www.comau.com\/fr\/2026\/03\/24\/automha-et-comau-mettent-en-avant-des-solutions-logistiques-avancees-end-to-end-au-salon-allemand-logimat-2026\/\" aria-hidden=\"true\" tabindex=\"-1\">\r\n\t\t\t\t<img decoding=\"async\" width=\"725\" height=\"225\" src=\"https:\/\/www.comau.com\/wp-content\/uploads\/2026\/03\/header-PR-1.png\" class=\"attachment-post-thumbnail size-post-thumbnail wp-post-image\" alt=\"Automha et Comau mettent en avant des solutions logistiques avanc\u00e9es end to end au salon allemand Logimat 2026\" srcset=\"https:\/\/www.comau.com\/wp-content\/uploads\/2026\/03\/header-PR-1.png 725w, https:\/\/www.comau.com\/wp-content\/uploads\/2026\/03\/header-PR-1-300x93.png 300w\" sizes=\"(max-width: 725px) 100vw, 725px\" \/>\t\t\t<\/a>\r\n\r\n\t\t\t        <div class=\"entry-header\">\n            <h2 class=\"entry-title\">Automha et Comau mettent en avant des solutions logistiques avanc\u00e9es end to end au salon allemand Logimat 2026<\/h2>\n            <p class=\"readmore\"><a href=\"https:\/\/www.comau.com\/fr\/2026\/03\/24\/automha-et-comau-mettent-en-avant-des-solutions-logistiques-avancees-end-to-end-au-salon-allemand-logimat-2026\/\" class=\"stretched-link\">Lire<\/a><\/p>\n        <\/div>\n    <\/div>\n<\/article>\n<article class=\"post-index-item\" id=\"post-85582\">\n    <div class=\"post-item-inner\">\n        \r\n\t\t\t<a class=\"post-thumbnail\" href=\"https:\/\/www.comau.com\/fr\/2026\/02\/11\/comau-elargit-sa-gamme-de-robotique-portable-avec-le-nouvel-exosquelette-mate-xt-go\/\" aria-hidden=\"true\" tabindex=\"-1\">\r\n\t\t\t\t<img decoding=\"async\" width=\"2440\" height=\"1373\" src=\"https:\/\/www.comau.com\/wp-content\/uploads\/2026\/01\/MATE-XT-GO-PRODUCT-CLOSE-UP.jpg\" class=\"attachment-post-thumbnail size-post-thumbnail wp-post-image\" alt=\"Comau \u00e9largit sa gamme de robotique portable avec le nouvel exosquelette MATE-XT GO\" srcset=\"https:\/\/www.comau.com\/wp-content\/uploads\/2026\/01\/MATE-XT-GO-PRODUCT-CLOSE-UP.jpg 2440w, https:\/\/www.comau.com\/wp-content\/uploads\/2026\/01\/MATE-XT-GO-PRODUCT-CLOSE-UP-300x169.jpg 300w, https:\/\/www.comau.com\/wp-content\/uploads\/2026\/01\/MATE-XT-GO-PRODUCT-CLOSE-UP-1024x576.jpg 1024w, https:\/\/www.comau.com\/wp-content\/uploads\/2026\/01\/MATE-XT-GO-PRODUCT-CLOSE-UP-768x432.jpg 768w, https:\/\/www.comau.com\/wp-content\/uploads\/2026\/01\/MATE-XT-GO-PRODUCT-CLOSE-UP-1536x864.jpg 1536w, https:\/\/www.comau.com\/wp-content\/uploads\/2026\/01\/MATE-XT-GO-PRODUCT-CLOSE-UP-2048x1152.jpg 2048w\" sizes=\"(max-width: 2440px) 100vw, 2440px\" \/>\t\t\t<\/a>\r\n\r\n\t\t\t        <div class=\"entry-header\">\n            <h2 class=\"entry-title\">Comau \u00e9largit sa gamme de robotique portable avec le nouvel exosquelette MATE-XT GO<\/h2>\n            <p class=\"readmore\"><a href=\"https:\/\/www.comau.com\/fr\/2026\/02\/11\/comau-elargit-sa-gamme-de-robotique-portable-avec-le-nouvel-exosquelette-mate-xt-go\/\" class=\"stretched-link\">Lire<\/a><\/p>\n        <\/div>\n    <\/div>\n<\/article>\n<article class=\"post-index-item\" id=\"post-85050\">\n    <div class=\"post-item-inner\">\n        \r\n\t\t\t<a class=\"post-thumbnail\" href=\"https:\/\/www.comau.com\/fr\/2026\/01\/28\/la-plateforme-intelligente-in-grid-de-comau-pour-la-surveillance-des-robots-accelere-la-transformation-numerique-chez-iveco\/\" aria-hidden=\"true\" tabindex=\"-1\">\r\n\t\t\t\t<img decoding=\"async\" width=\"1450\" height=\"450\" src=\"https:\/\/www.comau.com\/wp-content\/uploads\/2026\/01\/header-Iveco_Comau_Valladolid_Corporate-1.png\" class=\"attachment-post-thumbnail size-post-thumbnail wp-post-image\" alt=\"La plateforme intelligente in.Grid de Comau pour la surveillance des robots acc\u00e9l\u00e8re la transformation num\u00e9rique chez Iveco\" srcset=\"https:\/\/www.comau.com\/wp-content\/uploads\/2026\/01\/header-Iveco_Comau_Valladolid_Corporate-1.png 1450w, https:\/\/www.comau.com\/wp-content\/uploads\/2026\/01\/header-Iveco_Comau_Valladolid_Corporate-1-300x93.png 300w, https:\/\/www.comau.com\/wp-content\/uploads\/2026\/01\/header-Iveco_Comau_Valladolid_Corporate-1-1024x318.png 1024w, https:\/\/www.comau.com\/wp-content\/uploads\/2026\/01\/header-Iveco_Comau_Valladolid_Corporate-1-768x238.png 768w\" sizes=\"(max-width: 1450px) 100vw, 1450px\" \/>\t\t\t<\/a>\r\n\r\n\t\t\t        <div class=\"entry-header\">\n            <h2 class=\"entry-title\">La plateforme intelligente in.Grid de Comau pour la surveillance des robots acc\u00e9l\u00e8re la transformation num\u00e9rique chez Iveco<\/h2>\n            <p class=\"readmore\"><a href=\"https:\/\/www.comau.com\/fr\/2026\/01\/28\/la-plateforme-intelligente-in-grid-de-comau-pour-la-surveillance-des-robots-accelere-la-transformation-numerique-chez-iveco\/\" class=\"stretched-link\">Lire<\/a><\/p>\n        <\/div>\n    <\/div>\n<\/article>\n<article class=\"post-index-item\" id=\"post-83595\">\n    <div class=\"post-item-inner\">\n        \r\n\t\t\t<a class=\"post-thumbnail\" href=\"https:\/\/www.comau.com\/fr\/2025\/11\/26\/comau-developpe-des-solutions-robotiques-industrielles-collaboratives-innovantes-dans-le-cadre-du-projet-converging\/\" aria-hidden=\"true\" tabindex=\"-1\">\r\n\t\t\t\t<img decoding=\"async\" width=\"960\" height=\"540\" src=\"https:\/\/www.comau.com\/wp-content\/uploads\/2025\/11\/Comau-Converging.png\" class=\"attachment-post-thumbnail size-post-thumbnail wp-post-image\" alt=\"Comau d\u00e9veloppe des solutions robotiques industrielles collaboratives innovantes dans le cadre du projet CONVERGING\" srcset=\"https:\/\/www.comau.com\/wp-content\/uploads\/2025\/11\/Comau-Converging.png 960w, https:\/\/www.comau.com\/wp-content\/uploads\/2025\/11\/Comau-Converging-300x169.png 300w, https:\/\/www.comau.com\/wp-content\/uploads\/2025\/11\/Comau-Converging-768x432.png 768w\" sizes=\"(max-width: 960px) 100vw, 960px\" \/>\t\t\t<\/a>\r\n\r\n\t\t\t        <div class=\"entry-header\">\n            <h2 class=\"entry-title\">Comau d\u00e9veloppe des solutions robotiques industrielles collaboratives innovantes dans le cadre du projet CONVERGING<\/h2>\n            <p class=\"readmore\"><a href=\"https:\/\/www.comau.com\/fr\/2025\/11\/26\/comau-developpe-des-solutions-robotiques-industrielles-collaboratives-innovantes-dans-le-cadre-du-projet-converging\/\" class=\"stretched-link\">Lire<\/a><\/p>\n        <\/div>\n    <\/div>\n<\/article>\n<article class=\"post-index-item\" id=\"post-81831\">\n    <div class=\"post-item-inner\">\n        \r\n\t\t\t<a class=\"post-thumbnail\" href=\"https:\/\/www.comau.com\/fr\/2025\/10\/07\/comau-renforce-sa-collaboration-avec-intecells-pour-accelerer-le-developpement-et-la-commercialisation-de-la-prochaine-generation-de-procede-de-fabrication-delectrodes-de-batteries\/\" aria-hidden=\"true\" tabindex=\"-1\">\r\n\t\t\t\t<img decoding=\"async\" width=\"1920\" height=\"606\" src=\"https:\/\/www.comau.com\/wp-content\/uploads\/2025\/06\/Header-Intecells.png\" class=\"attachment-post-thumbnail size-post-thumbnail wp-post-image\" alt=\"Comau renforce sa collaboration avec Intecells pour acc\u00e9l\u00e9rer le d\u00e9veloppement et la commercialisation de la prochaine g\u00e9n\u00e9ration de proc\u00e9d\u00e9 de fabrication d\u2019\u00e9lectrodes de batteries\" srcset=\"https:\/\/www.comau.com\/wp-content\/uploads\/2025\/06\/Header-Intecells.png 1920w, https:\/\/www.comau.com\/wp-content\/uploads\/2025\/06\/Header-Intecells-300x95.png 300w, https:\/\/www.comau.com\/wp-content\/uploads\/2025\/06\/Header-Intecells-1024x323.png 1024w, https:\/\/www.comau.com\/wp-content\/uploads\/2025\/06\/Header-Intecells-768x242.png 768w, https:\/\/www.comau.com\/wp-content\/uploads\/2025\/06\/Header-Intecells-1536x485.png 1536w\" sizes=\"(max-width: 1920px) 100vw, 1920px\" \/>\t\t\t<\/a>\r\n\r\n\t\t\t        <div class=\"entry-header\">\n            <h2 class=\"entry-title\">Comau renforce sa collaboration avec Intecells pour acc\u00e9l\u00e9rer le d\u00e9veloppement et la commercialisation de la prochaine g\u00e9n\u00e9ration de proc\u00e9d\u00e9 de fabrication d\u2019\u00e9lectrodes de batteries<\/h2>\n            <p class=\"readmore\"><a href=\"https:\/\/www.comau.com\/fr\/2025\/10\/07\/comau-renforce-sa-collaboration-avec-intecells-pour-accelerer-le-developpement-et-la-commercialisation-de-la-prochaine-generation-de-procede-de-fabrication-delectrodes-de-batteries\/\" class=\"stretched-link\">Lire<\/a><\/p>\n        <\/div>\n    <\/div>\n<\/article>\n<article class=\"post-index-item\" id=\"post-81139\">\n    <div class=\"post-item-inner\">\n        \r\n\t\t\t<a class=\"post-thumbnail\" href=\"https:\/\/www.comau.com\/fr\/2025\/09\/10\/comau-rejoint-le-projet-sprint-pour-contribuer-au-developpement-de-batteries-sodium-ion-destinees-a-un-usage-stationnaire\/\" aria-hidden=\"true\" tabindex=\"-1\">\r\n\t\t\t\t<img decoding=\"async\" width=\"1920\" height=\"606\" src=\"https:\/\/www.comau.com\/wp-content\/uploads\/2025\/09\/Header_Comau_DryRoom.jpg\" class=\"attachment-post-thumbnail size-post-thumbnail wp-post-image\" alt=\"Comau rejoint le projet SPRINT pour contribuer au d\u00e9veloppement de batteries sodium-ion destin\u00e9es \u00e0 un usage stationnaire\" srcset=\"https:\/\/www.comau.com\/wp-content\/uploads\/2025\/09\/Header_Comau_DryRoom.jpg 1920w, https:\/\/www.comau.com\/wp-content\/uploads\/2025\/09\/Header_Comau_DryRoom-300x95.jpg 300w, https:\/\/www.comau.com\/wp-content\/uploads\/2025\/09\/Header_Comau_DryRoom-1024x323.jpg 1024w, https:\/\/www.comau.com\/wp-content\/uploads\/2025\/09\/Header_Comau_DryRoom-768x242.jpg 768w, https:\/\/www.comau.com\/wp-content\/uploads\/2025\/09\/Header_Comau_DryRoom-1536x485.jpg 1536w\" sizes=\"(max-width: 1920px) 100vw, 1920px\" \/>\t\t\t<\/a>\r\n\r\n\t\t\t        <div class=\"entry-header\">\n            <h2 class=\"entry-title\">Comau rejoint le projet SPRINT pour contribuer au d\u00e9veloppement de batteries sodium-ion destin\u00e9es \u00e0 un usage stationnaire<\/h2>\n            <p class=\"readmore\"><a href=\"https:\/\/www.comau.com\/fr\/2025\/09\/10\/comau-rejoint-le-projet-sprint-pour-contribuer-au-developpement-de-batteries-sodium-ion-destinees-a-un-usage-stationnaire\/\" class=\"stretched-link\">Lire<\/a><\/p>\n        <\/div>\n    <\/div>\n<\/article>\n<article class=\"post-index-item\" id=\"post-80351\">\n    <div class=\"post-item-inner\">\n        \r\n\t\t\t<a class=\"post-thumbnail\" href=\"https:\/\/www.comau.com\/fr\/2025\/07\/31\/comau-finalise-lacquisition-dautomha\/\" aria-hidden=\"true\" tabindex=\"-1\">\r\n\t\t\t\t<img decoding=\"async\" width=\"1920\" height=\"606\" src=\"https:\/\/www.comau.com\/wp-content\/uploads\/2025\/07\/Header-Image-Comau-Completes-Acquisition-of-Automha.jpg\" class=\"attachment-post-thumbnail size-post-thumbnail wp-post-image\" alt=\"Comau finalise l&rsquo;acquisition d&rsquo;Automha, renfor\u00e7ant le leadership des entreprises dans l&rsquo;automatisation logistique avanc\u00e9e\" srcset=\"https:\/\/www.comau.com\/wp-content\/uploads\/2025\/07\/Header-Image-Comau-Completes-Acquisition-of-Automha.jpg 1920w, https:\/\/www.comau.com\/wp-content\/uploads\/2025\/07\/Header-Image-Comau-Completes-Acquisition-of-Automha-300x95.jpg 300w, https:\/\/www.comau.com\/wp-content\/uploads\/2025\/07\/Header-Image-Comau-Completes-Acquisition-of-Automha-1024x323.jpg 1024w, https:\/\/www.comau.com\/wp-content\/uploads\/2025\/07\/Header-Image-Comau-Completes-Acquisition-of-Automha-768x242.jpg 768w, https:\/\/www.comau.com\/wp-content\/uploads\/2025\/07\/Header-Image-Comau-Completes-Acquisition-of-Automha-1536x485.jpg 1536w\" sizes=\"(max-width: 1920px) 100vw, 1920px\" \/>\t\t\t<\/a>\r\n\r\n\t\t\t        <div class=\"entry-header\">\n            <h2 class=\"entry-title\">Comau finalise l&rsquo;acquisition d&rsquo;Automha, renfor\u00e7ant le leadership des entreprises dans l&rsquo;automatisation logistique avanc\u00e9e<\/h2>\n            <p class=\"readmore\"><a href=\"https:\/\/www.comau.com\/fr\/2025\/07\/31\/comau-finalise-lacquisition-dautomha\/\" class=\"stretched-link\">Lire<\/a><\/p>\n        <\/div>\n    <\/div>\n<\/article>\n<article class=\"post-index-item\" id=\"post-79869\">\n    <div class=\"post-item-inner\">\n        \r\n\t\t\t<a class=\"post-thumbnail\" href=\"https:\/\/www.comau.com\/fr\/2025\/07\/16\/comau-a-construit-une-salle-blanche-interne-pour-la-fabrication-de-cellules\/\" aria-hidden=\"true\" tabindex=\"-1\">\r\n\t\t\t\t<img decoding=\"async\" width=\"1920\" height=\"606\" src=\"https:\/\/www.comau.com\/wp-content\/uploads\/2025\/07\/Header-Image-Comau_Dry-Room_Laboratory_1920x606px.jpg\" class=\"attachment-post-thumbnail size-post-thumbnail wp-post-image\" alt=\"Comau a construit une salle blanche interne pour d\u00e9velopper des solutions de fabrication de cellules \u00e0 l\u2019\u00e9chelle internationale\" srcset=\"https:\/\/www.comau.com\/wp-content\/uploads\/2025\/07\/Header-Image-Comau_Dry-Room_Laboratory_1920x606px.jpg 1920w, https:\/\/www.comau.com\/wp-content\/uploads\/2025\/07\/Header-Image-Comau_Dry-Room_Laboratory_1920x606px-300x95.jpg 300w, https:\/\/www.comau.com\/wp-content\/uploads\/2025\/07\/Header-Image-Comau_Dry-Room_Laboratory_1920x606px-1024x323.jpg 1024w, https:\/\/www.comau.com\/wp-content\/uploads\/2025\/07\/Header-Image-Comau_Dry-Room_Laboratory_1920x606px-768x242.jpg 768w, https:\/\/www.comau.com\/wp-content\/uploads\/2025\/07\/Header-Image-Comau_Dry-Room_Laboratory_1920x606px-1536x485.jpg 1536w\" sizes=\"(max-width: 1920px) 100vw, 1920px\" \/>\t\t\t<\/a>\r\n\r\n\t\t\t        <div class=\"entry-header\">\n            <h2 class=\"entry-title\">Comau a construit une salle blanche interne pour d\u00e9velopper des solutions de fabrication de cellules \u00e0 l\u2019\u00e9chelle internationale<\/h2>\n            <p class=\"readmore\"><a href=\"https:\/\/www.comau.com\/fr\/2025\/07\/16\/comau-a-construit-une-salle-blanche-interne-pour-la-fabrication-de-cellules\/\" class=\"stretched-link\">Lire<\/a><\/p>\n        <\/div>\n    <\/div>\n<\/article>\n<article class=\"post-index-item\" id=\"post-79093\">\n    <div class=\"post-item-inner\">\n        \r\n\t\t\t<a class=\"post-thumbnail\" href=\"https:\/\/www.comau.com\/fr\/2025\/06\/24\/comau-devoile-lautomatisation-intelligente-mobile-et-collaborative-a-automatica-2025\/\" aria-hidden=\"true\" tabindex=\"-1\">\r\n\t\t\t\t<img decoding=\"async\" width=\"1920\" height=\"606\" src=\"https:\/\/www.comau.com\/wp-content\/uploads\/2025\/06\/header-teaser-automatica_booth.jpg\" class=\"attachment-post-thumbnail size-post-thumbnail wp-post-image\" alt=\"Comau d\u00e9voile son large portefeuille de nouveaux produits pour apporter l&rsquo;automatisation intelligente, mobile et collaborative \u00e0 de nouvelles industries \u00e0 l&rsquo;occasion du salon automatica 2025\" srcset=\"https:\/\/www.comau.com\/wp-content\/uploads\/2025\/06\/header-teaser-automatica_booth.jpg 1920w, https:\/\/www.comau.com\/wp-content\/uploads\/2025\/06\/header-teaser-automatica_booth-300x95.jpg 300w, https:\/\/www.comau.com\/wp-content\/uploads\/2025\/06\/header-teaser-automatica_booth-1024x323.jpg 1024w, https:\/\/www.comau.com\/wp-content\/uploads\/2025\/06\/header-teaser-automatica_booth-768x242.jpg 768w, https:\/\/www.comau.com\/wp-content\/uploads\/2025\/06\/header-teaser-automatica_booth-1536x485.jpg 1536w\" sizes=\"(max-width: 1920px) 100vw, 1920px\" \/>\t\t\t<\/a>\r\n\r\n\t\t\t        <div class=\"entry-header\">\n            <h2 class=\"entry-title\">Comau d\u00e9voile son large portefeuille de nouveaux produits pour apporter l&rsquo;automatisation intelligente, mobile et collaborative \u00e0 de nouvelles industries \u00e0 l&rsquo;occasion du salon automatica 2025<\/h2>\n            <p class=\"readmore\"><a href=\"https:\/\/www.comau.com\/fr\/2025\/06\/24\/comau-devoile-lautomatisation-intelligente-mobile-et-collaborative-a-automatica-2025\/\" class=\"stretched-link\">Lire<\/a><\/p>\n        <\/div>\n    <\/div>\n<\/article>\n<article class=\"post-index-item\" id=\"post-79161\">\n    <div class=\"post-item-inner\">\n        \r\n\t\t\t<a class=\"post-thumbnail\" href=\"https:\/\/www.comau.com\/fr\/2025\/06\/24\/comau-devoile-myco-robots-collaboratifs-au-salon-automatica-2025\/\" aria-hidden=\"true\" tabindex=\"-1\">\r\n\t\t\t\t<img decoding=\"async\" width=\"1920\" height=\"606\" src=\"https:\/\/www.comau.com\/wp-content\/uploads\/2025\/06\/Comau_Cobot_Myco_header_Launch.jpg\" class=\"attachment-post-thumbnail size-post-thumbnail wp-post-image\" alt=\"Comau d\u00e9voile sa nouvelle famille MyCo de six robots collaboratifs au salon Automatica 2025\" srcset=\"https:\/\/www.comau.com\/wp-content\/uploads\/2025\/06\/Comau_Cobot_Myco_header_Launch.jpg 1920w, https:\/\/www.comau.com\/wp-content\/uploads\/2025\/06\/Comau_Cobot_Myco_header_Launch-300x95.jpg 300w, https:\/\/www.comau.com\/wp-content\/uploads\/2025\/06\/Comau_Cobot_Myco_header_Launch-1024x323.jpg 1024w, https:\/\/www.comau.com\/wp-content\/uploads\/2025\/06\/Comau_Cobot_Myco_header_Launch-768x242.jpg 768w, https:\/\/www.comau.com\/wp-content\/uploads\/2025\/06\/Comau_Cobot_Myco_header_Launch-1536x485.jpg 1536w\" sizes=\"(max-width: 1920px) 100vw, 1920px\" \/>\t\t\t<\/a>\r\n\r\n\t\t\t        <div class=\"entry-header\">\n            <h2 class=\"entry-title\">Comau d\u00e9voile sa nouvelle famille MyCo de six robots collaboratifs au salon Automatica 2025<\/h2>\n            <p class=\"readmore\"><a href=\"https:\/\/www.comau.com\/fr\/2025\/06\/24\/comau-devoile-myco-robots-collaboratifs-au-salon-automatica-2025\/\" class=\"stretched-link\">Lire<\/a><\/p>\n        <\/div>\n    <\/div>\n<\/article>\n<article class=\"post-index-item\" id=\"post-79194\">\n    <div class=\"post-item-inner\">\n        \r\n\t\t\t<a class=\"post-thumbnail\" href=\"https:\/\/www.comau.com\/fr\/2025\/06\/24\/comau-devoile-mymr-une-robots-mobiles-autonomes-automatica-2025\/\" aria-hidden=\"true\" tabindex=\"-1\">\r\n\t\t\t\t<img decoding=\"async\" width=\"1920\" height=\"606\" src=\"https:\/\/www.comau.com\/wp-content\/uploads\/2025\/06\/Comau_AMR_MyMR_header_Launch.jpg\" class=\"attachment-post-thumbnail size-post-thumbnail wp-post-image\" alt=\"Comau d\u00e9voile MyMR, une famille de robots mobiles autonomes et \u00e9volutifs con\u00e7us pour optimiser l&rsquo;efficacit\u00e9 de l&rsquo;intralogistique\" srcset=\"https:\/\/www.comau.com\/wp-content\/uploads\/2025\/06\/Comau_AMR_MyMR_header_Launch.jpg 1920w, https:\/\/www.comau.com\/wp-content\/uploads\/2025\/06\/Comau_AMR_MyMR_header_Launch-300x95.jpg 300w, https:\/\/www.comau.com\/wp-content\/uploads\/2025\/06\/Comau_AMR_MyMR_header_Launch-1024x323.jpg 1024w, https:\/\/www.comau.com\/wp-content\/uploads\/2025\/06\/Comau_AMR_MyMR_header_Launch-768x242.jpg 768w, https:\/\/www.comau.com\/wp-content\/uploads\/2025\/06\/Comau_AMR_MyMR_header_Launch-1536x485.jpg 1536w\" sizes=\"(max-width: 1920px) 100vw, 1920px\" \/>\t\t\t<\/a>\r\n\r\n\t\t\t        <div class=\"entry-header\">\n            <h2 class=\"entry-title\">Comau d\u00e9voile MyMR, une famille de robots mobiles autonomes et \u00e9volutifs con\u00e7us pour optimiser l&rsquo;efficacit\u00e9 de l&rsquo;intralogistique<\/h2>\n            <p class=\"readmore\"><a href=\"https:\/\/www.comau.com\/fr\/2025\/06\/24\/comau-devoile-mymr-une-robots-mobiles-autonomes-automatica-2025\/\" class=\"stretched-link\">Lire<\/a><\/p>\n        <\/div>\n    <\/div>\n<\/article>\n<\/div><nav><ul class=\"pagination justify-content-center\"><li class=\"page-item active\"> <span aria-current=\"page\" class=\"page-link current\">1<\/span><\/li><li class=\"page-item\"> <a class=\"page-link\" href=\"https:\/\/www.comau.com\/fr\/wp-json\/wp\/v2\/pages\/33190\/page\/2\/\">2<\/a><\/li><li class=\"page-item\"> <a class=\"page-link\" href=\"https:\/\/www.comau.com\/fr\/wp-json\/wp\/v2\/pages\/33190\/page\/3\/\">3<\/a><\/li><li class=\"page-item\"> <span class=\"page-link dots\">\u2026<\/span><\/li><li class=\"page-item\"> <a class=\"page-link\" href=\"https:\/\/www.comau.com\/fr\/wp-json\/wp\/v2\/pages\/33190\/page\/6\/\">6<\/a><\/li><li class=\"page-item\"> <a class=\"page-link\" href=\"https:\/\/www.comau.com\/fr\/wp-json\/wp\/v2\/pages\/33190\/page\/7\/\">7<\/a><\/li><li class=\"page-item\"> <a class=\"page-link\" href=\"https:\/\/www.comau.com\/fr\/wp-json\/wp\/v2\/pages\/33190\/page\/8\/\">8<\/a><\/li><li class=\"page-item\"> <a class=\"next page-link\" href=\"https:\/\/www.comau.com\/fr\/wp-json\/wp\/v2\/pages\/33190\/page\/2\/\">Next<\/a><\/li><\/ul><\/nav><\/div>\n","protected":false},"excerpt":{"rendered":"","protected":false},"author":11,"featured_media":0,"parent":5423,"menu_order":0,"comment_status":"closed","ping_status":"closed","template":"","meta":{"_acf_changed":false,"ep_exclude_from_search":false,"footnotes":""},"class_list":["post-33190","page","type-page","status-publish","hentry"],"acf":[],"yoast_head":"<!-- This site is optimized with the Yoast SEO plugin v26.9 - https:\/\/yoast.com\/product\/yoast-seo-wordpress\/ -->\n<title>Communiqu\u00e9s de presse - Comau<\/title>\n<meta name=\"robots\" content=\"index, follow, max-snippet:-1, max-image-preview:large, max-video-preview:-1\" \/>\n<link rel=\"canonical\" href=\"https:\/\/www.comau.com\/fr\/newsroom\/press-release\/\" \/>\n<meta property=\"og:locale\" content=\"fr_FR\" \/>\n<meta property=\"og:type\" content=\"article\" \/>\n<meta property=\"og:title\" content=\"Communiqu\u00e9s de presse - Comau\" \/>\n<meta property=\"og:url\" content=\"https:\/\/www.comau.com\/fr\/newsroom\/press-release\/\" \/>\n<meta property=\"og:site_name\" content=\"Comau\" \/>\n<meta property=\"article:publisher\" content=\"https:\/\/www.facebook.com\/COMAU\/\" \/>\n<meta property=\"article:modified_time\" content=\"2021-07-26T08:04:11+00:00\" \/>\n<meta name=\"twitter:card\" content=\"summary_large_image\" \/>\n<meta name=\"twitter:site\" content=\"@comaugroup\" \/>\n<meta name=\"twitter:label1\" content=\"Dur\u00e9e de lecture estim\u00e9e\" \/>\n\t<meta name=\"twitter:data1\" content=\"1 minute\" \/>\n<script type=\"application\/ld+json\" class=\"yoast-schema-graph\">{\"@context\":\"https:\/\/schema.org\",\"@graph\":[{\"@type\":\"WebPage\",\"@id\":\"https:\/\/www.comau.com\/fr\/newsroom\/press-release\/\",\"url\":\"https:\/\/www.comau.com\/fr\/newsroom\/press-release\/\",\"name\":\"Communiqu\u00e9s de presse - Comau\",\"isPartOf\":{\"@id\":\"https:\/\/www.comau.com\/fr\/#website\"},\"datePublished\":\"2021-06-24T16:47:42+00:00\",\"dateModified\":\"2021-07-26T08:04:11+00:00\",\"breadcrumb\":{\"@id\":\"https:\/\/www.comau.com\/fr\/newsroom\/press-release\/#breadcrumb\"},\"inLanguage\":\"fr-FR\",\"potentialAction\":[{\"@type\":\"ReadAction\",\"target\":[\"https:\/\/www.comau.com\/fr\/newsroom\/press-release\/\"]}]},{\"@type\":\"BreadcrumbList\",\"@id\":\"https:\/\/www.comau.com\/fr\/newsroom\/press-release\/#breadcrumb\",\"itemListElement\":[{\"@type\":\"ListItem\",\"position\":1,\"name\":\"Home\",\"item\":\"https:\/\/www.comau.com\/fr\/\"},{\"@type\":\"ListItem\",\"position\":2,\"name\":\"Newsroom\",\"item\":\"https:\/\/www.comau.com\/fr\/newsroom\/\"},{\"@type\":\"ListItem\",\"position\":3,\"name\":\"Newsroom\",\"item\":\"https:\/\/www.comau.com\/fr\/newsroom\/\"},{\"@type\":\"ListItem\",\"position\":4,\"name\":\"Communiqu\u00e9s de presse\"}]},{\"@type\":\"WebSite\",\"@id\":\"https:\/\/www.comau.com\/fr\/#website\",\"url\":\"https:\/\/www.comau.com\/fr\/\",\"name\":\"Comau\",\"description\":\"Industrial automation and robotics\",\"publisher\":{\"@id\":\"https:\/\/www.comau.com\/fr\/#organization\"},\"potentialAction\":[{\"@type\":\"SearchAction\",\"target\":{\"@type\":\"EntryPoint\",\"urlTemplate\":\"https:\/\/www.comau.com\/fr\/?s={search_term_string}\"},\"query-input\":{\"@type\":\"PropertyValueSpecification\",\"valueRequired\":true,\"valueName\":\"search_term_string\"}}],\"inLanguage\":\"fr-FR\"},{\"@type\":\"Organization\",\"@id\":\"https:\/\/www.comau.com\/fr\/#organization\",\"name\":\"Comau\",\"url\":\"https:\/\/www.comau.com\/fr\/\",\"logo\":{\"@type\":\"ImageObject\",\"inLanguage\":\"fr-FR\",\"@id\":\"https:\/\/www.comau.com\/fr\/#\/schema\/logo\/image\/\",\"url\":\"https:\/\/www.comau.com\/wp-content\/uploads\/2024\/07\/cropped-Logo-COMAU.png\",\"contentUrl\":\"https:\/\/www.comau.com\/wp-content\/uploads\/2024\/07\/cropped-Logo-COMAU.png\",\"width\":434,\"height\":434,\"caption\":\"Comau\"},\"image\":{\"@id\":\"https:\/\/www.comau.com\/fr\/#\/schema\/logo\/image\/\"},\"sameAs\":[\"https:\/\/www.facebook.com\/COMAU\/\",\"https:\/\/x.com\/comaugroup\",\"https:\/\/www.instagram.com\/comaugroup\/\",\"https:\/\/www.linkedin.com\/company\/comau\",\"https:\/\/www.youtube.com\/user\/comau\"]}]}<\/script>\n<!-- \/ Yoast SEO plugin. -->","yoast_head_json":{"title":"Communiqu\u00e9s de presse - Comau","robots":{"index":"index","follow":"follow","max-snippet":"max-snippet:-1","max-image-preview":"max-image-preview:large","max-video-preview":"max-video-preview:-1"},"canonical":"https:\/\/www.comau.com\/fr\/newsroom\/press-release\/","og_locale":"fr_FR","og_type":"article","og_title":"Communiqu\u00e9s de presse - Comau","og_url":"https:\/\/www.comau.com\/fr\/newsroom\/press-release\/","og_site_name":"Comau","article_publisher":"https:\/\/www.facebook.com\/COMAU\/","article_modified_time":"2021-07-26T08:04:11+00:00","twitter_card":"summary_large_image","twitter_site":"@comaugroup","twitter_misc":{"Dur\u00e9e de lecture estim\u00e9e":"1 minute"},"schema":{"@context":"https:\/\/schema.org","@graph":[{"@type":"WebPage","@id":"https:\/\/www.comau.com\/fr\/newsroom\/press-release\/","url":"https:\/\/www.comau.com\/fr\/newsroom\/press-release\/","name":"Communiqu\u00e9s de presse - Comau","isPartOf":{"@id":"https:\/\/www.comau.com\/fr\/#website"},"datePublished":"2021-06-24T16:47:42+00:00","dateModified":"2021-07-26T08:04:11+00:00","breadcrumb":{"@id":"https:\/\/www.comau.com\/fr\/newsroom\/press-release\/#breadcrumb"},"inLanguage":"fr-FR","potentialAction":[{"@type":"ReadAction","target":["https:\/\/www.comau.com\/fr\/newsroom\/press-release\/"]}]},{"@type":"BreadcrumbList","@id":"https:\/\/www.comau.com\/fr\/newsroom\/press-release\/#breadcrumb","itemListElement":[{"@type":"ListItem","position":1,"name":"Home","item":"https:\/\/www.comau.com\/fr\/"},{"@type":"ListItem","position":2,"name":"Newsroom","item":"https:\/\/www.comau.com\/fr\/newsroom\/"},{"@type":"ListItem","position":3,"name":"Newsroom","item":"https:\/\/www.comau.com\/fr\/newsroom\/"},{"@type":"ListItem","position":4,"name":"Communiqu\u00e9s de presse"}]},{"@type":"WebSite","@id":"https:\/\/www.comau.com\/fr\/#website","url":"https:\/\/www.comau.com\/fr\/","name":"Comau","description":"Industrial automation and robotics","publisher":{"@id":"https:\/\/www.comau.com\/fr\/#organization"},"potentialAction":[{"@type":"SearchAction","target":{"@type":"EntryPoint","urlTemplate":"https:\/\/www.comau.com\/fr\/?s={search_term_string}"},"query-input":{"@type":"PropertyValueSpecification","valueRequired":true,"valueName":"search_term_string"}}],"inLanguage":"fr-FR"},{"@type":"Organization","@id":"https:\/\/www.comau.com\/fr\/#organization","name":"Comau","url":"https:\/\/www.comau.com\/fr\/","logo":{"@type":"ImageObject","inLanguage":"fr-FR","@id":"https:\/\/www.comau.com\/fr\/#\/schema\/logo\/image\/","url":"https:\/\/www.comau.com\/wp-content\/uploads\/2024\/07\/cropped-Logo-COMAU.png","contentUrl":"https:\/\/www.comau.com\/wp-content\/uploads\/2024\/07\/cropped-Logo-COMAU.png","width":434,"height":434,"caption":"Comau"},"image":{"@id":"https:\/\/www.comau.com\/fr\/#\/schema\/logo\/image\/"},"sameAs":["https:\/\/www.facebook.com\/COMAU\/","https:\/\/x.com\/comaugroup","https:\/\/www.instagram.com\/comaugroup\/","https:\/\/www.linkedin.com\/company\/comau","https:\/\/www.youtube.com\/user\/comau"]}]}},"_links":{"self":[{"href":"https:\/\/www.comau.com\/fr\/wp-json\/wp\/v2\/pages\/33190","targetHints":{"allow":["GET"]}}],"collection":[{"href":"https:\/\/www.comau.com\/fr\/wp-json\/wp\/v2\/pages"}],"about":[{"href":"https:\/\/www.comau.com\/fr\/wp-json\/wp\/v2\/types\/page"}],"author":[{"embeddable":true,"href":"https:\/\/www.comau.com\/fr\/wp-json\/wp\/v2\/users\/11"}],"replies":[{"embeddable":true,"href":"https:\/\/www.comau.com\/fr\/wp-json\/wp\/v2\/comments?post=33190"}],"version-history":[{"count":3,"href":"https:\/\/www.comau.com\/fr\/wp-json\/wp\/v2\/pages\/33190\/revisions"}],"predecessor-version":[{"id":37309,"href":"https:\/\/www.comau.com\/fr\/wp-json\/wp\/v2\/pages\/33190\/revisions\/37309"}],"up":[{"embeddable":true,"href":"https:\/\/www.comau.com\/fr\/wp-json\/wp\/v2\/pages\/5423"}],"wp:attachment":[{"href":"https:\/\/www.comau.com\/fr\/wp-json\/wp\/v2\/media?parent=33190"}],"curies":[{"name":"wp","href":"https:\/\/api.w.org\/{rel}","templated":true}]}}