{"id":33176,"date":"2021-06-24T18:48:35","date_gmt":"2021-06-24T16:48:35","guid":{"rendered":"https:\/\/www.comau.com\/?page_id=33176"},"modified":"2023-05-17T00:54:12","modified_gmt":"2023-05-16T22:54:12","slug":"events","status":"publish","type":"page","link":"https:\/\/www.comau.com\/fr\/newsroom\/events\/","title":{"rendered":"\u00c9v\u00e9nements"},"content":{"rendered":"<form class=\"posts-items-filterform mb-5\" type=\"get\" action=\"https:\/\/www.comau.com\/fr\/newsroom\/events\/\"><div class=\"row g-3\"><div class=\"col-md\"><label for=\"filterFormSearch\" class=\"visually-hidden\">Keywords<\/label><input name=\"comau_s\" type=\"text\" class=\"form-control form-control-lg\" placeholder=\"Keywords\" value=\"\" id=\"filterFormSearch\"><\/div><div class=\"d-grid col-md-auto\"><button type=\"submit\" class=\"btn btn-lg btn-primary\">Chercher<\/button><\/div><\/div><\/form><div class=\"posts-items\"><h2 class=\"events-month-title h3\">April 2026<\/h2><div class=\"posts-items-list\"><article class=\"post-index-item-event\" id=\"post-83935\">\n    <div class=\"post-item-inner\">\n        \r\n\t\t\t<a class=\"post-thumbnail\" href=\"https:\/\/www.comau.com\/fr\/2026\/04\/13\/automha-et-comau-presentent-des-solutions-integrees-dautomatisation-logistique-a-modex-2026\/\" aria-hidden=\"true\" tabindex=\"-1\">\r\n\t\t\t\t<img decoding=\"async\" width=\"1450\" height=\"450\" src=\"https:\/\/www.comau.com\/wp-content\/uploads\/2026\/04\/HEADER-PR-MODEX.png\" class=\"attachment-post-thumbnail size-post-thumbnail wp-post-image\" alt=\"Automha et Comau pr\u00e9sentent des solutions int\u00e9gr\u00e9es d\u2019automatisation logistique \u00e0 Modex 2026\" srcset=\"https:\/\/www.comau.com\/wp-content\/uploads\/2026\/04\/HEADER-PR-MODEX.png 1450w, https:\/\/www.comau.com\/wp-content\/uploads\/2026\/04\/HEADER-PR-MODEX-300x93.png 300w, https:\/\/www.comau.com\/wp-content\/uploads\/2026\/04\/HEADER-PR-MODEX-1024x318.png 1024w, https:\/\/www.comau.com\/wp-content\/uploads\/2026\/04\/HEADER-PR-MODEX-768x238.png 768w\" sizes=\"(max-width: 1450px) 100vw, 1450px\" \/>\t\t\t<\/a>\r\n\r\n\t\t\t        <div class=\"entry-header\">\n            <h2 class=\"entry-title\">Automha et Comau pr\u00e9sentent des solutions int\u00e9gr\u00e9es d\u2019automatisation logistique \u00e0 Modex 2026<\/h2>\n                            <p class=\"entry-datetime\">13 avril 2026<\/p>\n                        <p class=\"entry-excerpt\">\u2022 Avec un march\u00e9 de la logistique automatis\u00e9e dont la croissance annuelle devrait d\u00e9passer les 10 %*, cette offre conjointe r\u00e9pond \u00e0 la demande croissante de solutions d\u2019automatisation logistique \u00e9volutives et de bout en bout. \u2022 Automha pr\u00e9sente NOVA AI, un nouvel assistant d\u2019intelligence artificielle int\u00e9gr\u00e9 nativement \u00e0 AWMS (Automha Warehouse Management System). \u2022 Comau [&hellip;]<\/p>            <p class=\"readmore\"><a href=\"https:\/\/www.comau.com\/fr\/2026\/04\/13\/automha-et-comau-presentent-des-solutions-integrees-dautomatisation-logistique-a-modex-2026\/\" class=\"stretched-link\">Lire<\/a><\/p>\n        <\/div>\n    <\/div>\n<\/article>\n<\/div><h2 class=\"events-month-title h3\">March 2026<\/h2><div class=\"posts-items-list\"><article class=\"post-index-item-event\" id=\"post-87029\">\n    <div class=\"post-item-inner\">\n        \r\n\t\t\t<a class=\"post-thumbnail\" href=\"https:\/\/www.comau.com\/fr\/2026\/04\/07\/comau-au-salon-sitl-avec-low-ergofrance-une-ergonomie-de-pointe-pour-la-logistique\/\" aria-hidden=\"true\" tabindex=\"-1\">\r\n\t\t\t\t<img decoding=\"async\" width=\"1920\" height=\"606\" src=\"https:\/\/www.comau.com\/wp-content\/uploads\/2026\/03\/mate-xt_header.jpg\" class=\"attachment-post-thumbnail size-post-thumbnail wp-post-image\" alt=\"Comau au salon SITL avec Low-Ergofrance : une ergonomie de pointe pour la logistique\" srcset=\"https:\/\/www.comau.com\/wp-content\/uploads\/2026\/03\/mate-xt_header.jpg 1920w, https:\/\/www.comau.com\/wp-content\/uploads\/2026\/03\/mate-xt_header-300x95.jpg 300w, https:\/\/www.comau.com\/wp-content\/uploads\/2026\/03\/mate-xt_header-1024x323.jpg 1024w, https:\/\/www.comau.com\/wp-content\/uploads\/2026\/03\/mate-xt_header-768x242.jpg 768w, https:\/\/www.comau.com\/wp-content\/uploads\/2026\/03\/mate-xt_header-1536x485.jpg 1536w\" sizes=\"(max-width: 1920px) 100vw, 1920px\" \/>\t\t\t<\/a>\r\n\r\n\t\t\t        <div class=\"entry-header\">\n            <h2 class=\"entry-title\">Comau au salon SITL avec Low-Ergofrance : une ergonomie de pointe pour la logistique<\/h2>\n                            <p class=\"entry-datetime\">31 mars 2026<\/p>\n                        <p class=\"entry-excerpt\">Comau expose au salon SITL (dans le cadre du salon Global Industrie), qui se tient \u00e0 Paris Nord Villepinte du 31 mars au 2 avril, en collaboration avec Low-Ergofrance. Les visiteurs pourront d\u00e9couvrir la robotique portable de Comau au stand L019, o\u00f9 sont expos\u00e9s les exosquelettes de derni\u00e8re g\u00e9n\u00e9ration : D\u00e9tails de l&rsquo;\u00e9v\u00e9nement SITL est [&hellip;]<\/p>            <p class=\"readmore\"><a href=\"https:\/\/www.comau.com\/fr\/2026\/04\/07\/comau-au-salon-sitl-avec-low-ergofrance-une-ergonomie-de-pointe-pour-la-logistique\/\" class=\"stretched-link\">Lire<\/a><\/p>\n        <\/div>\n    <\/div>\n<\/article>\n<article class=\"post-index-item-event\" id=\"post-87023\">\n    <div class=\"post-item-inner\">\n        \r\n\t\t\t<a class=\"post-thumbnail\" href=\"https:\/\/www.comau.com\/fr\/2026\/04\/07\/comau-a-global-industrie-decouvrez-nos-solutions-de-robotique-et-de-vision\/\" aria-hidden=\"true\" tabindex=\"-1\">\r\n\t\t\t\t<img decoding=\"async\" width=\"2246\" height=\"709\" src=\"https:\/\/www.comau.com\/wp-content\/uploads\/2024\/03\/comau_header_mira-one-picker-vision-system.jpg\" class=\"attachment-post-thumbnail size-post-thumbnail wp-post-image\" alt=\"Comau \u00e0 Global Industrie : d\u00e9couvrez nos solutions de robotique et de vision\" srcset=\"https:\/\/www.comau.com\/wp-content\/uploads\/2024\/03\/comau_header_mira-one-picker-vision-system.jpg 2246w, https:\/\/www.comau.com\/wp-content\/uploads\/2024\/03\/comau_header_mira-one-picker-vision-system-300x95.jpg 300w, https:\/\/www.comau.com\/wp-content\/uploads\/2024\/03\/comau_header_mira-one-picker-vision-system-1024x323.jpg 1024w, https:\/\/www.comau.com\/wp-content\/uploads\/2024\/03\/comau_header_mira-one-picker-vision-system-768x242.jpg 768w, https:\/\/www.comau.com\/wp-content\/uploads\/2024\/03\/comau_header_mira-one-picker-vision-system-1536x485.jpg 1536w, https:\/\/www.comau.com\/wp-content\/uploads\/2024\/03\/comau_header_mira-one-picker-vision-system-2048x646.jpg 2048w\" sizes=\"(max-width: 2246px) 100vw, 2246px\" \/>\t\t\t<\/a>\r\n\r\n\t\t\t        <div class=\"entry-header\">\n            <h2 class=\"entry-title\">Comau \u00e0 Global Industrie : d\u00e9couvrez nos solutions de robotique et de vision<\/h2>\n                            <p class=\"entry-datetime\">30 mars 2026<\/p>\n                        <p class=\"entry-excerpt\">Comau sera pr\u00e9sent au salon Global Industrie \u00e0 Paris, qui se tiendra du 30 mars au 2 avril. Vous nous trouverez sur le stand de RESEAU 3R, num\u00e9ro 5H172. Une cellule de d\u00e9monstration sera pr\u00e9sent\u00e9e, incluant le cobot Racer 5 \u00e9quip\u00e9 du syst\u00e8me de vision Mi.Ra One Picker. Venez visiter notre stand pour d\u00e9couvrir les [&hellip;]<\/p>            <p class=\"readmore\"><a href=\"https:\/\/www.comau.com\/fr\/2026\/04\/07\/comau-a-global-industrie-decouvrez-nos-solutions-de-robotique-et-de-vision\/\" class=\"stretched-link\">Lire<\/a><\/p>\n        <\/div>\n    <\/div>\n<\/article>\n<\/div><h2 class=\"events-month-title h3\">June 2025<\/h2><div class=\"posts-items-list\"><article class=\"post-index-item-event\" id=\"post-78488\">\n    <div class=\"post-item-inner\">\n        \r\n\t\t\t<a class=\"post-thumbnail\" href=\"https:\/\/www.comau.com\/fr\/2025\/06\/18\/technologies-innovantes-precision-et-flexibilite-lautomation-de-comau-pour-le-secteur-aerospatial\/\" aria-hidden=\"true\" tabindex=\"-1\">\r\n\t\t\t\t<img decoding=\"async\" width=\"1920\" height=\"600\" src=\"https:\/\/www.comau.com\/wp-content\/uploads\/2024\/10\/Header_SmartReach-Comau_Machining.jpeg\" class=\"attachment-post-thumbnail size-post-thumbnail wp-post-image\" alt=\"Technologies innovantes, pr\u00e9cision et flexibilit\u00e9 : l\u2019automation de Comau pour le secteur a\u00e9rospatial\" srcset=\"https:\/\/www.comau.com\/wp-content\/uploads\/2024\/10\/Header_SmartReach-Comau_Machining.jpeg 1920w, https:\/\/www.comau.com\/wp-content\/uploads\/2024\/10\/Header_SmartReach-Comau_Machining-300x94.jpeg 300w, https:\/\/www.comau.com\/wp-content\/uploads\/2024\/10\/Header_SmartReach-Comau_Machining-1024x320.jpeg 1024w, https:\/\/www.comau.com\/wp-content\/uploads\/2024\/10\/Header_SmartReach-Comau_Machining-768x240.jpeg 768w, https:\/\/www.comau.com\/wp-content\/uploads\/2024\/10\/Header_SmartReach-Comau_Machining-1536x480.jpeg 1536w\" sizes=\"(max-width: 1920px) 100vw, 1920px\" \/>\t\t\t<\/a>\r\n\r\n\t\t\t        <div class=\"entry-header\">\n            <h2 class=\"entry-title\">Technologies innovantes, pr\u00e9cision et flexibilit\u00e9 : l\u2019automation de Comau pour le secteur a\u00e9rospatial<\/h2>\n                            <p class=\"entry-datetime\">15 juin 2025<\/p>\n                        <p class=\"entry-excerpt\">Paris, le 18 juin 2025 R\u00e9affirmant son engagement fort en faveur de l\u2019innovation technologique et des processus pour l\u2019industrie a\u00e9rospatiale, Comau participe \u00e0 la 55e \u00e9dition du Salon International de l\u2019A\u00e9ronautique et de l\u2019Espace de Paris-Le Bourget, qui se tient du 16 au 22 juin au Parc des Expositions du Bourget. Un \u00e9v\u00e9nement de port\u00e9e [&hellip;]<\/p>            <p class=\"readmore\"><a href=\"https:\/\/www.comau.com\/fr\/2025\/06\/18\/technologies-innovantes-precision-et-flexibilite-lautomation-de-comau-pour-le-secteur-aerospatial\/\" class=\"stretched-link\">Lire<\/a><\/p>\n        <\/div>\n    <\/div>\n<\/article>\n<\/div><h2 class=\"events-month-title h3\">March 2025<\/h2><div class=\"posts-items-list\"><article class=\"post-index-item-event\" id=\"post-73919\">\n    <div class=\"post-item-inner\">\n        \r\n\t\t\t<a class=\"post-thumbnail\" href=\"https:\/\/www.comau.com\/fr\/2025\/03\/11\/comau-presente-ses-nouveaux-produits-au-salon-global-industrie-lyon-2025\/\" aria-hidden=\"true\" tabindex=\"-1\">\r\n\t\t\t\t<img decoding=\"async\" width=\"1450\" height=\"450\" src=\"https:\/\/www.comau.com\/wp-content\/uploads\/2025\/03\/Global-industrie-Lyon-2025_team.png\" class=\"attachment-post-thumbnail size-post-thumbnail wp-post-image\" alt=\"Comau pr\u00e9sente ses nouveaux produits au salon Global Industrie Lyon 2025\" srcset=\"https:\/\/www.comau.com\/wp-content\/uploads\/2025\/03\/Global-industrie-Lyon-2025_team.png 1450w, https:\/\/www.comau.com\/wp-content\/uploads\/2025\/03\/Global-industrie-Lyon-2025_team-300x93.png 300w, https:\/\/www.comau.com\/wp-content\/uploads\/2025\/03\/Global-industrie-Lyon-2025_team-1024x318.png 1024w, https:\/\/www.comau.com\/wp-content\/uploads\/2025\/03\/Global-industrie-Lyon-2025_team-768x238.png 768w\" sizes=\"(max-width: 1450px) 100vw, 1450px\" \/>\t\t\t<\/a>\r\n\r\n\t\t\t        <div class=\"entry-header\">\n            <h2 class=\"entry-title\">Comau pr\u00e9sente ses nouveaux produits au salon Global Industrie Lyon 2025<\/h2>\n                            <p class=\"entry-datetime\">10 mars 2025<\/p>\n                        <p class=\"entry-excerpt\">Lyon, (FR) 11 mars 2025 Comau pr\u00e9sente son portefeuille de solutions d&rsquo;automatisation innovantes \u00e0 Global Industrie Lyon 2025, Hall 3, Stand #3D176, du 11 au 14 mars 2025. Reconnu comme une pierre angulaire de l&rsquo;industrialisation, Global Industrie symbolise l&rsquo;engagement des acteurs de l&rsquo;industrie \u00e0 am\u00e9liorer la comp\u00e9titivit\u00e9 et l&rsquo;efficacit\u00e9 productive.\u00a0 Comau profite de cet \u00e9v\u00e9nement [&hellip;]<\/p>            <p class=\"readmore\"><a href=\"https:\/\/www.comau.com\/fr\/2025\/03\/11\/comau-presente-ses-nouveaux-produits-au-salon-global-industrie-lyon-2025\/\" class=\"stretched-link\">Lire<\/a><\/p>\n        <\/div>\n    <\/div>\n<\/article>\n<\/div><h2 class=\"events-month-title h3\">November 2023<\/h2><div class=\"posts-items-list\"><article class=\"post-index-item-event\" id=\"post-58095\">\n    <div class=\"post-item-inner\">\n        \r\n\t\t\t<a class=\"post-thumbnail\" href=\"https:\/\/www.comau.com\/fr\/2023\/11\/15\/comau-presente-ses-competences-dans-le-domaine-de-lelectromobilite-aux-battery-innovation-days-en-france\/\" aria-hidden=\"true\" tabindex=\"-1\">\r\n\t\t\t\t<img decoding=\"async\" width=\"1997\" height=\"1321\" src=\"https:\/\/www.comau.com\/wp-content\/uploads\/2023\/11\/Image_20231114_182255_007_RITAGLIO.jpg\" class=\"attachment-post-thumbnail size-post-thumbnail wp-post-image\" alt=\"Comau pr\u00e9sente ses comp\u00e9tences dans le domaine de l\u2019\u00e9lectromobilit\u00e9 aux Battery Innovation Days en France\" srcset=\"https:\/\/www.comau.com\/wp-content\/uploads\/2023\/11\/Image_20231114_182255_007_RITAGLIO.jpg 1997w, https:\/\/www.comau.com\/wp-content\/uploads\/2023\/11\/Image_20231114_182255_007_RITAGLIO-300x198.jpg 300w, https:\/\/www.comau.com\/wp-content\/uploads\/2023\/11\/Image_20231114_182255_007_RITAGLIO-1024x677.jpg 1024w, https:\/\/www.comau.com\/wp-content\/uploads\/2023\/11\/Image_20231114_182255_007_RITAGLIO-768x508.jpg 768w, https:\/\/www.comau.com\/wp-content\/uploads\/2023\/11\/Image_20231114_182255_007_RITAGLIO-1536x1016.jpg 1536w\" sizes=\"(max-width: 1997px) 100vw, 1997px\" \/>\t\t\t<\/a>\r\n\r\n\t\t\t        <div class=\"entry-header\">\n            <h2 class=\"entry-title\">Comau pr\u00e9sente ses comp\u00e9tences dans le domaine de l\u2019\u00e9lectromobilit\u00e9 aux Battery Innovation Days en France<\/h2>\n                            <p class=\"entry-datetime\">15 novembre 2023<\/p>\n                        <p class=\"entry-excerpt\">Bordeaux (France) &#8211; 14 novembre 2023 &#8211; R\u00e9affirmant une fois de plus son engagement \u00e0 r\u00e9pondre aux besoins des clients, et \u00e0 promouvoir l\u2019objectif de l\u2019UE de produire des facilitateurs d\u2019e-mobilit\u00e9 avec une efficacit\u00e9 croissante gr\u00e2ce \u00e0 des solutions d\u2019automatisation avanc\u00e9es, Comau participe aux Journ\u00e9es de l\u2019innovation en mati\u00e8re de batteries, un \u00e9v\u00e9nement industriel important [&hellip;]<\/p>            <p class=\"readmore\"><a href=\"https:\/\/www.comau.com\/fr\/2023\/11\/15\/comau-presente-ses-competences-dans-le-domaine-de-lelectromobilite-aux-battery-innovation-days-en-france\/\" class=\"stretched-link\">Lire<\/a><\/p>\n        <\/div>\n    <\/div>\n<\/article>\n<\/div><h2 class=\"events-month-title h3\">October 2023<\/h2><div class=\"posts-items-list\"><article class=\"post-index-item-event\" id=\"post-57816\">\n    <div class=\"post-item-inner\">\n        \r\n\t\t\t<a class=\"post-thumbnail\" href=\"https:\/\/www.comau.com\/fr\/2023\/10\/18\/au-salon-siane-2023-comau-presente-en-avant-premiere-ses-solutions-innovantes-en-matiere-denergie-et-daerospatiale\/\" aria-hidden=\"true\" tabindex=\"-1\">\r\n\t\t\t\t<img decoding=\"async\" width=\"1512\" height=\"2016\" src=\"https:\/\/www.comau.com\/wp-content\/uploads\/2023\/10\/Photo-1-LIGHT.jpg\" class=\"attachment-post-thumbnail size-post-thumbnail wp-post-image\" alt=\"Au salon SIANE 2023, Comau pr\u00e9sente en avant-premi\u00e8re ses solutions innovantes en mati\u00e8re d\u2019\u00e9nergie et d\u2019a\u00e9rospatiale\" srcset=\"https:\/\/www.comau.com\/wp-content\/uploads\/2023\/10\/Photo-1-LIGHT.jpg 1512w, https:\/\/www.comau.com\/wp-content\/uploads\/2023\/10\/Photo-1-LIGHT-225x300.jpg 225w, https:\/\/www.comau.com\/wp-content\/uploads\/2023\/10\/Photo-1-LIGHT-768x1024.jpg 768w, https:\/\/www.comau.com\/wp-content\/uploads\/2023\/10\/Photo-1-LIGHT-1152x1536.jpg 1152w\" sizes=\"(max-width: 1512px) 100vw, 1512px\" \/>\t\t\t<\/a>\r\n\r\n\t\t\t        <div class=\"entry-header\">\n            <h2 class=\"entry-title\">Au salon SIANE 2023, Comau pr\u00e9sente en avant-premi\u00e8re ses solutions innovantes en mati\u00e8re d\u2019\u00e9nergie et d\u2019a\u00e9rospatiale<\/h2>\n                            <p class=\"entry-datetime\">18 octobre 2023<\/p>\n                        <p class=\"entry-excerpt\">Castres, le 17-19 octobre 2023 \u2013 Comau pr\u00e9sente ses solutions d\u2019automatisation avanc\u00e9e pour l\u2019\u00e9nergie, l\u2019a\u00e9rospatiale et l\u2019\u00e9lectromobilit\u00e9 au salon SIANE 2023 (du 17 au 19 octobre \u00e0 Toulouse). Dans le Pavillon de l\u2019innovation de l\u2019industrie 4.0, aux c\u00f4t\u00e9s de l\u2019int\u00e9grateur de syst\u00e8mes AGV Mecatronique (stand C20), Comau offre en exclusivit\u00e9 aux visiteurs une pr\u00e9sentation sp\u00e9ciale [&hellip;]<\/p>            <p class=\"readmore\"><a href=\"https:\/\/www.comau.com\/fr\/2023\/10\/18\/au-salon-siane-2023-comau-presente-en-avant-premiere-ses-solutions-innovantes-en-matiere-denergie-et-daerospatiale\/\" class=\"stretched-link\">Lire<\/a><\/p>\n        <\/div>\n    <\/div>\n<\/article>\n<\/div><h2 class=\"events-month-title h3\">March 2022<\/h2><div class=\"posts-items-list\"><article class=\"post-index-item-event\" id=\"post-43539\">\n    <div class=\"post-item-inner\">\n        \r\n\t\t\t<a class=\"post-thumbnail\" href=\"https:\/\/www.comau.com\/fr\/2022\/02\/23\/comaus-showcase-at-modex-2022\/\" aria-hidden=\"true\" tabindex=\"-1\">\r\n\t\t\t\t<img decoding=\"async\" width=\"1450\" height=\"450\" src=\"https:\/\/www.comau.com\/wp-content\/uploads\/2022\/02\/IMG_HEADER_WEBSITE_MODEX2022.png\" class=\"attachment-post-thumbnail size-post-thumbnail wp-post-image\" alt=\"Comau\u2019s showcase at MODEX 2022\" srcset=\"https:\/\/www.comau.com\/wp-content\/uploads\/2022\/02\/IMG_HEADER_WEBSITE_MODEX2022.png 1450w, https:\/\/www.comau.com\/wp-content\/uploads\/2022\/02\/IMG_HEADER_WEBSITE_MODEX2022-300x93.png 300w, https:\/\/www.comau.com\/wp-content\/uploads\/2022\/02\/IMG_HEADER_WEBSITE_MODEX2022-1024x318.png 1024w, https:\/\/www.comau.com\/wp-content\/uploads\/2022\/02\/IMG_HEADER_WEBSITE_MODEX2022-768x238.png 768w\" sizes=\"(max-width: 1450px) 100vw, 1450px\" \/>\t\t\t<\/a>\r\n\r\n\t\t\t        <div class=\"entry-header\">\n            <h2 class=\"entry-title\">Comau\u2019s showcase at MODEX 2022<\/h2>\n                            <p class=\"entry-datetime\">28 mars 2022<\/p>\n                        <p class=\"entry-excerpt\">On March 28, 2022 Comau will take the show floor at the Georgia World Congress Center, in booth B9632. A technology-filled four days, the show will run&nbsp;until March 31, 2022. Comau, leader in delivering advanced industrial automation products and systems has expanded its portfolio to the supply chain and fulfillment solutions industries.Comau\u2019s showcase at MODEX [&hellip;]<\/p>            <p class=\"readmore\"><a href=\"https:\/\/www.comau.com\/fr\/2022\/02\/23\/comaus-showcase-at-modex-2022\/\" class=\"stretched-link\">Lire<\/a><\/p>\n        <\/div>\n    <\/div>\n<\/article>\n<\/div><h2 class=\"events-month-title h3\">July 2021<\/h2><div class=\"posts-items-list\"><article class=\"post-index-item-event\" id=\"post-37081\">\n    <div class=\"post-item-inner\">\n        \r\n\t\t\t<a class=\"post-thumbnail\" href=\"https:\/\/www.comau.com\/fr\/2021\/07\/23\/comau-introduces-cutting-edge-technologies-at-amts-2021-in-china-2\/\" aria-hidden=\"true\" tabindex=\"-1\">\r\n\t\t\t\t<img decoding=\"async\" width=\"2500\" height=\"1667\" src=\"https:\/\/www.comau.com\/wp-content\/uploads\/2021\/07\/AMTS-2021_06.jpg\" class=\"attachment-post-thumbnail size-post-thumbnail wp-post-image\" alt=\"Comau introduces cutting-edge technologies at AMTS 2021 in China\" srcset=\"https:\/\/www.comau.com\/wp-content\/uploads\/2021\/07\/AMTS-2021_06.jpg 2500w, https:\/\/www.comau.com\/wp-content\/uploads\/2021\/07\/AMTS-2021_06-300x200.jpg 300w, https:\/\/www.comau.com\/wp-content\/uploads\/2021\/07\/AMTS-2021_06-1024x683.jpg 1024w, https:\/\/www.comau.com\/wp-content\/uploads\/2021\/07\/AMTS-2021_06-768x512.jpg 768w, https:\/\/www.comau.com\/wp-content\/uploads\/2021\/07\/AMTS-2021_06-1536x1024.jpg 1536w, https:\/\/www.comau.com\/wp-content\/uploads\/2021\/07\/AMTS-2021_06-2048x1366.jpg 2048w\" sizes=\"(max-width: 2500px) 100vw, 2500px\" \/>\t\t\t<\/a>\r\n\r\n\t\t\t        <div class=\"entry-header\">\n            <h2 class=\"entry-title\">Comau introduces cutting-edge technologies at AMTS 2021 in China<\/h2>\n                            <p class=\"entry-datetime\">7 juillet 2021<\/p>\n                        <p class=\"entry-excerpt\">Innovative solutions and products for electrification, robotics, smart manufacturing and human-machine collaboration developed according to Comau\u2019s HUMANufacturing approach\u00a0 Smart E-Drive Test Bench combines standardization, flexibility and reconfiguration Smart High-Speed Conveyor enables flexible, high-productivity systems for battery assembly Universal Gripper ensures the flexibility of welding fixtures, which can help customers save investment costs in multiple dimensions. [&hellip;]<\/p>            <p class=\"readmore\"><a href=\"https:\/\/www.comau.com\/fr\/2021\/07\/23\/comau-introduces-cutting-edge-technologies-at-amts-2021-in-china-2\/\" class=\"stretched-link\">Lire<\/a><\/p>\n        <\/div>\n    <\/div>\n<\/article>\n<\/div><h2 class=\"events-month-title h3\">June 2021<\/h2><div class=\"posts-items-list\"><article class=\"post-index-item-event\" id=\"post-37085\">\n    <div class=\"post-item-inner\">\n        \r\n\t\t\t<a class=\"post-thumbnail\" href=\"https:\/\/www.comau.com\/fr\/2021\/07\/23\/comau-presents-innovative-humanufacturing-technology-at-automatica-sprint-2\/\" aria-hidden=\"true\" tabindex=\"-1\">\r\n\t\t\t\t<img decoding=\"async\" width=\"1500\" height=\"1000\" src=\"https:\/\/www.comau.com\/wp-content\/uploads\/2021\/07\/Automatica.jpg\" class=\"attachment-post-thumbnail size-post-thumbnail wp-post-image\" alt=\"Comau presents innovative Humanufacturing technology at Automatica Sprint\" srcset=\"https:\/\/www.comau.com\/wp-content\/uploads\/2021\/07\/Automatica.jpg 1500w, https:\/\/www.comau.com\/wp-content\/uploads\/2021\/07\/Automatica-300x200.jpg 300w, https:\/\/www.comau.com\/wp-content\/uploads\/2021\/07\/Automatica-1024x683.jpg 1024w, https:\/\/www.comau.com\/wp-content\/uploads\/2021\/07\/Automatica-768x512.jpg 768w\" sizes=\"(max-width: 1500px) 100vw, 1500px\" \/>\t\t\t<\/a>\r\n\r\n\t\t\t        <div class=\"entry-header\">\n            <h2 class=\"entry-title\">Comau presents innovative Humanufacturing technology at Automatica Sprint<\/h2>\n                            <p class=\"entry-datetime\">22 juin 2021<\/p>\n                        <p class=\"entry-excerpt\">End-to-end automation processes and technologies for electrification High-speed Racer-5 COBOT\u00a0combines flexibility and collaborative safety MATE-XT ruggedized and lightweight exoskeleton for indoor or outdoor use Powerful machining solutions to optimize performance reliability and ROI e.DOTM Experience trains young professionals and upskills workers Torino, June 22, 2021 \u2013 Comau will exhibit a vast portfolio of smart manufacturing [&hellip;]<\/p>            <p class=\"readmore\"><a href=\"https:\/\/www.comau.com\/fr\/2021\/07\/23\/comau-presents-innovative-humanufacturing-technology-at-automatica-sprint-2\/\" class=\"stretched-link\">Lire<\/a><\/p>\n        <\/div>\n    <\/div>\n<\/article>\n<\/div><h2 class=\"events-month-title h3\">April 2021<\/h2><div class=\"posts-items-list\"><article class=\"post-index-item-event\" id=\"post-37099\">\n    <div class=\"post-item-inner\">\n        \r\n\t\t\t<a class=\"post-thumbnail\" href=\"https:\/\/www.comau.com\/fr\/2021\/07\/23\/comau-showcases-its-innovative-humanufacturing-technologies-at-hannover-messe-digital-2021-2\/\" aria-hidden=\"true\" tabindex=\"-1\">\r\n\t\t\t\t<img decoding=\"async\" width=\"2440\" height=\"1628\" src=\"https:\/\/www.comau.com\/wp-content\/uploads\/2021\/07\/Mirafiori-Stellantis-Plant_New500.jpg\" class=\"attachment-post-thumbnail size-post-thumbnail wp-post-image\" alt=\"Comau showcases its innovative Humanufacturing technologies at Hannover Messe Digital 2021\" srcset=\"https:\/\/www.comau.com\/wp-content\/uploads\/2021\/07\/Mirafiori-Stellantis-Plant_New500.jpg 2440w, https:\/\/www.comau.com\/wp-content\/uploads\/2021\/07\/Mirafiori-Stellantis-Plant_New500-300x200.jpg 300w, https:\/\/www.comau.com\/wp-content\/uploads\/2021\/07\/Mirafiori-Stellantis-Plant_New500-1024x683.jpg 1024w, https:\/\/www.comau.com\/wp-content\/uploads\/2021\/07\/Mirafiori-Stellantis-Plant_New500-768x512.jpg 768w, https:\/\/www.comau.com\/wp-content\/uploads\/2021\/07\/Mirafiori-Stellantis-Plant_New500-1536x1025.jpg 1536w, https:\/\/www.comau.com\/wp-content\/uploads\/2021\/07\/Mirafiori-Stellantis-Plant_New500-2048x1366.jpg 2048w\" sizes=\"(max-width: 2440px) 100vw, 2440px\" \/>\t\t\t<\/a>\r\n\r\n\t\t\t        <div class=\"entry-header\">\n            <h2 class=\"entry-title\">Comau showcases its innovative Humanufacturing technologies at Hannover Messe Digital 2021<\/h2>\n                            <p class=\"entry-datetime\">12 avril 2021<\/p>\n                        <p class=\"entry-excerpt\">New Racer5 COBOT combines flexibility and collaborative safety features with high repeatability and accuracy MATE-XT ruggedized yet lightweight wearable exoskeleton for indoor and outdoor use End-to-end electrification technologies and processes for e-motors and batteries High-performance machining solutions optimize productivity, reliability and ROI The interactive e.DOTM experience trains young professionals and upskills workers Turin, April 12, [&hellip;]<\/p>            <p class=\"readmore\"><a href=\"https:\/\/www.comau.com\/fr\/2021\/07\/23\/comau-showcases-its-innovative-humanufacturing-technologies-at-hannover-messe-digital-2021-2\/\" class=\"stretched-link\">Lire<\/a><\/p>\n        <\/div>\n    <\/div>\n<\/article>\n<\/div><h2 class=\"events-month-title h3\">January 1970<\/h2><div class=\"posts-items-list\"><article class=\"post-index-item-event\" id=\"post-69559\">\n    <div class=\"post-item-inner\">\n        \r\n\t\t\t<a class=\"post-thumbnail\" href=\"https:\/\/www.comau.com\/fr\/2024\/10\/16\/comau-presente-son-portefeuille-delectromobilite-au-salon-batteries-event-2024-a-lyon\/\" aria-hidden=\"true\" tabindex=\"-1\">\r\n\t\t\t\t<img decoding=\"async\" width=\"1450\" height=\"450\" src=\"https:\/\/www.comau.com\/wp-content\/uploads\/2024\/10\/Battery-Show-Lyon-TEAM-header-2.png\" class=\"attachment-post-thumbnail size-post-thumbnail wp-post-image\" alt=\"Comau pr\u00e9sente son portefeuille d\u2019\u00e9lectromobilit\u00e9 au salon \u00ab\u00a0Batteries Event 2024\u00a0\u00bb \u00e0 Lyon\" srcset=\"https:\/\/www.comau.com\/wp-content\/uploads\/2024\/10\/Battery-Show-Lyon-TEAM-header-2.png 1450w, https:\/\/www.comau.com\/wp-content\/uploads\/2024\/10\/Battery-Show-Lyon-TEAM-header-2-300x93.png 300w, https:\/\/www.comau.com\/wp-content\/uploads\/2024\/10\/Battery-Show-Lyon-TEAM-header-2-1024x318.png 1024w, https:\/\/www.comau.com\/wp-content\/uploads\/2024\/10\/Battery-Show-Lyon-TEAM-header-2-768x238.png 768w\" sizes=\"(max-width: 1450px) 100vw, 1450px\" \/>\t\t\t<\/a>\r\n\r\n\t\t\t        <div class=\"entry-header\">\n            <h2 class=\"entry-title\">Comau pr\u00e9sente son portefeuille d\u2019\u00e9lectromobilit\u00e9 au salon \u00ab\u00a0Batteries Event 2024\u00a0\u00bb \u00e0 Lyon<\/h2>\n                        <p class=\"entry-excerpt\">Lyon (France) 16 octobre Comau participe au salon Batteries Event 2024 (stand C45\u00a0\u2013 UPCELL Alliance Village), qui se tiendra du 16 au 18 octobre au Palais des Congr\u00e8s de Lyon pour pr\u00e9senter son portefeuille de technologies d\u2019\u00e9lectromobilit\u00e9 de bout en bout.\u00a0 En tant que fournisseur de services complets pour l\u2019ensemble du syst\u00e8me de production de [&hellip;]<\/p>            <p class=\"readmore\"><a href=\"https:\/\/www.comau.com\/fr\/2024\/10\/16\/comau-presente-son-portefeuille-delectromobilite-au-salon-batteries-event-2024-a-lyon\/\" class=\"stretched-link\">Lire<\/a><\/p>\n        <\/div>\n    <\/div>\n<\/article>\n<\/div><\/div>\n\n\n\n<h1 class=\"has-white-color has-text-color wp-block-heading\">Salons automatisation et \u00e9v\u00e9nements d\u00e9di\u00e9s \u00e0 la robotique<\/h1>\n","protected":false},"excerpt":{"rendered":"<p>Salons automatisation et \u00e9v\u00e9nements d\u00e9di\u00e9s \u00e0 la robotique<\/p>\n","protected":false},"author":11,"featured_media":0,"parent":5423,"menu_order":0,"comment_status":"closed","ping_status":"closed","template":"","meta":{"_acf_changed":false,"ep_exclude_from_search":false,"footnotes":""},"class_list":["post-33176","page","type-page","status-publish","hentry"],"acf":[],"yoast_head":"<!-- This site is optimized with the Yoast SEO plugin v26.9 - https:\/\/yoast.com\/product\/yoast-seo-wordpress\/ -->\n<title>Salons de l&#039;automatisation et \u00e9v\u00e9nements d\u00e9di\u00e9s \u00e0 la robotique | Comau<\/title>\n<meta name=\"description\" content=\"D\u00e9couvrez les \u00e9v\u00e9nements et les salons de l&#039;automatisation auxquels participe Comau, et la mani\u00e8re dont nous pouvons aider votre entreprise\" \/>\n<meta name=\"robots\" content=\"index, follow, max-snippet:-1, max-image-preview:large, max-video-preview:-1\" \/>\n<link rel=\"canonical\" href=\"https:\/\/www.comau.com\/fr\/newsroom\/events\/\" \/>\n<meta property=\"og:locale\" content=\"fr_FR\" \/>\n<meta property=\"og:type\" content=\"article\" \/>\n<meta property=\"og:title\" content=\"Salons de l&#039;automatisation et \u00e9v\u00e9nements d\u00e9di\u00e9s \u00e0 la robotique | Comau\" \/>\n<meta property=\"og:description\" content=\"D\u00e9couvrez les \u00e9v\u00e9nements et les salons de l&#039;automatisation auxquels participe Comau, et la mani\u00e8re dont nous pouvons aider votre entreprise\" \/>\n<meta property=\"og:url\" content=\"https:\/\/www.comau.com\/fr\/newsroom\/events\/\" \/>\n<meta property=\"og:site_name\" content=\"Comau\" \/>\n<meta property=\"article:publisher\" content=\"https:\/\/www.facebook.com\/COMAU\/\" \/>\n<meta property=\"article:modified_time\" content=\"2023-05-16T22:54:12+00:00\" \/>\n<meta name=\"twitter:card\" content=\"summary_large_image\" \/>\n<meta name=\"twitter:site\" content=\"@comaugroup\" \/>\n<meta name=\"twitter:label1\" content=\"Dur\u00e9e de lecture estim\u00e9e\" \/>\n\t<meta name=\"twitter:data1\" content=\"1 minute\" \/>\n<script type=\"application\/ld+json\" class=\"yoast-schema-graph\">{\"@context\":\"https:\/\/schema.org\",\"@graph\":[{\"@type\":\"WebPage\",\"@id\":\"https:\/\/www.comau.com\/fr\/newsroom\/events\/\",\"url\":\"https:\/\/www.comau.com\/fr\/newsroom\/events\/\",\"name\":\"Salons de l'automatisation et \u00e9v\u00e9nements d\u00e9di\u00e9s \u00e0 la robotique | Comau\",\"isPartOf\":{\"@id\":\"https:\/\/www.comau.com\/fr\/#website\"},\"datePublished\":\"2021-06-24T16:48:35+00:00\",\"dateModified\":\"2023-05-16T22:54:12+00:00\",\"description\":\"D\u00e9couvrez les \u00e9v\u00e9nements et les salons de l'automatisation auxquels participe Comau, et la mani\u00e8re dont nous pouvons aider votre entreprise\",\"breadcrumb\":{\"@id\":\"https:\/\/www.comau.com\/fr\/newsroom\/events\/#breadcrumb\"},\"inLanguage\":\"fr-FR\",\"potentialAction\":[{\"@type\":\"ReadAction\",\"target\":[\"https:\/\/www.comau.com\/fr\/newsroom\/events\/\"]}]},{\"@type\":\"BreadcrumbList\",\"@id\":\"https:\/\/www.comau.com\/fr\/newsroom\/events\/#breadcrumb\",\"itemListElement\":[{\"@type\":\"ListItem\",\"position\":1,\"name\":\"Home\",\"item\":\"https:\/\/www.comau.com\/fr\/\"},{\"@type\":\"ListItem\",\"position\":2,\"name\":\"Newsroom\",\"item\":\"https:\/\/www.comau.com\/fr\/newsroom\/\"},{\"@type\":\"ListItem\",\"position\":3,\"name\":\"Newsroom\",\"item\":\"https:\/\/www.comau.com\/fr\/newsroom\/\"},{\"@type\":\"ListItem\",\"position\":4,\"name\":\"\u00c9v\u00e9nements\"}]},{\"@type\":\"WebSite\",\"@id\":\"https:\/\/www.comau.com\/fr\/#website\",\"url\":\"https:\/\/www.comau.com\/fr\/\",\"name\":\"Comau\",\"description\":\"Industrial automation and robotics\",\"publisher\":{\"@id\":\"https:\/\/www.comau.com\/fr\/#organization\"},\"potentialAction\":[{\"@type\":\"SearchAction\",\"target\":{\"@type\":\"EntryPoint\",\"urlTemplate\":\"https:\/\/www.comau.com\/fr\/?s={search_term_string}\"},\"query-input\":{\"@type\":\"PropertyValueSpecification\",\"valueRequired\":true,\"valueName\":\"search_term_string\"}}],\"inLanguage\":\"fr-FR\"},{\"@type\":\"Organization\",\"@id\":\"https:\/\/www.comau.com\/fr\/#organization\",\"name\":\"Comau\",\"url\":\"https:\/\/www.comau.com\/fr\/\",\"logo\":{\"@type\":\"ImageObject\",\"inLanguage\":\"fr-FR\",\"@id\":\"https:\/\/www.comau.com\/fr\/#\/schema\/logo\/image\/\",\"url\":\"https:\/\/www.comau.com\/wp-content\/uploads\/2024\/07\/cropped-Logo-COMAU.png\",\"contentUrl\":\"https:\/\/www.comau.com\/wp-content\/uploads\/2024\/07\/cropped-Logo-COMAU.png\",\"width\":434,\"height\":434,\"caption\":\"Comau\"},\"image\":{\"@id\":\"https:\/\/www.comau.com\/fr\/#\/schema\/logo\/image\/\"},\"sameAs\":[\"https:\/\/www.facebook.com\/COMAU\/\",\"https:\/\/x.com\/comaugroup\",\"https:\/\/www.instagram.com\/comaugroup\/\",\"https:\/\/www.linkedin.com\/company\/comau\",\"https:\/\/www.youtube.com\/user\/comau\"]}]}<\/script>\n<!-- \/ Yoast SEO plugin. -->","yoast_head_json":{"title":"Salons de l'automatisation et \u00e9v\u00e9nements d\u00e9di\u00e9s \u00e0 la robotique | Comau","description":"D\u00e9couvrez les \u00e9v\u00e9nements et les salons de l'automatisation auxquels participe Comau, et la mani\u00e8re dont nous pouvons aider votre entreprise","robots":{"index":"index","follow":"follow","max-snippet":"max-snippet:-1","max-image-preview":"max-image-preview:large","max-video-preview":"max-video-preview:-1"},"canonical":"https:\/\/www.comau.com\/fr\/newsroom\/events\/","og_locale":"fr_FR","og_type":"article","og_title":"Salons de l'automatisation et \u00e9v\u00e9nements d\u00e9di\u00e9s \u00e0 la robotique | Comau","og_description":"D\u00e9couvrez les \u00e9v\u00e9nements et les salons de l'automatisation auxquels participe Comau, et la mani\u00e8re dont nous pouvons aider votre entreprise","og_url":"https:\/\/www.comau.com\/fr\/newsroom\/events\/","og_site_name":"Comau","article_publisher":"https:\/\/www.facebook.com\/COMAU\/","article_modified_time":"2023-05-16T22:54:12+00:00","twitter_card":"summary_large_image","twitter_site":"@comaugroup","twitter_misc":{"Dur\u00e9e de lecture estim\u00e9e":"1 minute"},"schema":{"@context":"https:\/\/schema.org","@graph":[{"@type":"WebPage","@id":"https:\/\/www.comau.com\/fr\/newsroom\/events\/","url":"https:\/\/www.comau.com\/fr\/newsroom\/events\/","name":"Salons de l'automatisation et \u00e9v\u00e9nements d\u00e9di\u00e9s \u00e0 la robotique | Comau","isPartOf":{"@id":"https:\/\/www.comau.com\/fr\/#website"},"datePublished":"2021-06-24T16:48:35+00:00","dateModified":"2023-05-16T22:54:12+00:00","description":"D\u00e9couvrez les \u00e9v\u00e9nements et les salons de l'automatisation auxquels participe Comau, et la mani\u00e8re dont nous pouvons aider votre entreprise","breadcrumb":{"@id":"https:\/\/www.comau.com\/fr\/newsroom\/events\/#breadcrumb"},"inLanguage":"fr-FR","potentialAction":[{"@type":"ReadAction","target":["https:\/\/www.comau.com\/fr\/newsroom\/events\/"]}]},{"@type":"BreadcrumbList","@id":"https:\/\/www.comau.com\/fr\/newsroom\/events\/#breadcrumb","itemListElement":[{"@type":"ListItem","position":1,"name":"Home","item":"https:\/\/www.comau.com\/fr\/"},{"@type":"ListItem","position":2,"name":"Newsroom","item":"https:\/\/www.comau.com\/fr\/newsroom\/"},{"@type":"ListItem","position":3,"name":"Newsroom","item":"https:\/\/www.comau.com\/fr\/newsroom\/"},{"@type":"ListItem","position":4,"name":"\u00c9v\u00e9nements"}]},{"@type":"WebSite","@id":"https:\/\/www.comau.com\/fr\/#website","url":"https:\/\/www.comau.com\/fr\/","name":"Comau","description":"Industrial automation and robotics","publisher":{"@id":"https:\/\/www.comau.com\/fr\/#organization"},"potentialAction":[{"@type":"SearchAction","target":{"@type":"EntryPoint","urlTemplate":"https:\/\/www.comau.com\/fr\/?s={search_term_string}"},"query-input":{"@type":"PropertyValueSpecification","valueRequired":true,"valueName":"search_term_string"}}],"inLanguage":"fr-FR"},{"@type":"Organization","@id":"https:\/\/www.comau.com\/fr\/#organization","name":"Comau","url":"https:\/\/www.comau.com\/fr\/","logo":{"@type":"ImageObject","inLanguage":"fr-FR","@id":"https:\/\/www.comau.com\/fr\/#\/schema\/logo\/image\/","url":"https:\/\/www.comau.com\/wp-content\/uploads\/2024\/07\/cropped-Logo-COMAU.png","contentUrl":"https:\/\/www.comau.com\/wp-content\/uploads\/2024\/07\/cropped-Logo-COMAU.png","width":434,"height":434,"caption":"Comau"},"image":{"@id":"https:\/\/www.comau.com\/fr\/#\/schema\/logo\/image\/"},"sameAs":["https:\/\/www.facebook.com\/COMAU\/","https:\/\/x.com\/comaugroup","https:\/\/www.instagram.com\/comaugroup\/","https:\/\/www.linkedin.com\/company\/comau","https:\/\/www.youtube.com\/user\/comau"]}]}},"_links":{"self":[{"href":"https:\/\/www.comau.com\/fr\/wp-json\/wp\/v2\/pages\/33176","targetHints":{"allow":["GET"]}}],"collection":[{"href":"https:\/\/www.comau.com\/fr\/wp-json\/wp\/v2\/pages"}],"about":[{"href":"https:\/\/www.comau.com\/fr\/wp-json\/wp\/v2\/types\/page"}],"author":[{"embeddable":true,"href":"https:\/\/www.comau.com\/fr\/wp-json\/wp\/v2\/users\/11"}],"replies":[{"embeddable":true,"href":"https:\/\/www.comau.com\/fr\/wp-json\/wp\/v2\/comments?post=33176"}],"version-history":[{"count":5,"href":"https:\/\/www.comau.com\/fr\/wp-json\/wp\/v2\/pages\/33176\/revisions"}],"predecessor-version":[{"id":53270,"href":"https:\/\/www.comau.com\/fr\/wp-json\/wp\/v2\/pages\/33176\/revisions\/53270"}],"up":[{"embeddable":true,"href":"https:\/\/www.comau.com\/fr\/wp-json\/wp\/v2\/pages\/5423"}],"wp:attachment":[{"href":"https:\/\/www.comau.com\/fr\/wp-json\/wp\/v2\/media?parent=33176"}],"curies":[{"name":"wp","href":"https:\/\/api.w.org\/{rel}","templated":true}]}}